{"id":108,"date":"2016-02-23T12:08:07","date_gmt":"2016-02-23T11:08:07","guid":{"rendered":"http:\/\/thegeneration.info\/?page_id=108"},"modified":"2026-04-20T07:55:42","modified_gmt":"2026-04-20T05:55:42","slug":"conciertos-de-la-banda-de-blues-and-rock","status":"publish","type":"page","link":"https:\/\/thegeneration.info\/ca\/conciertos-de-la-banda-de-blues-and-rock\/","title":{"rendered":"Concerts de la banda de blues&#038;rock"},"content":{"rendered":"<section class=\"l-section wpb_row height_auto width_full with_img\"><div class=\"l-section-img\" role=\"img\" aria-label=\"Imatge\" data-img-width=\"1920\" data-img-height=\"926\" style=\"background-image: url(https:\/\/thegeneration.info\/wp-content\/uploads\/2023\/09\/slider-concerts2.jpg);background-position: top center;background-repeat: no-repeat;\"><\/div><div class=\"l-section-h i-cf\"><div class=\"g-cols vc_row via_flex valign_top type_default stacking_default\"><div class=\"vc_col-sm-12 wpb_column vc_column_container\"><div class=\"vc_column-inner\"><div class=\"wpb_wrapper\"><div class=\"w-separator size_custom\" style=\"height:65vh\" id=\"oe0e\"><style>@media(max-width:600px){ #oe0e{height:35vh!important}}<\/style><\/div><\/div><\/div><\/div><\/div><\/div><\/section><section class=\"l-section wpb_row height_large\"><div class=\"l-section-h i-cf\"><div class=\"g-cols vc_row via_flex valign_top type_default stacking_default\"><div class=\"vc_col-sm-6 wpb_column vc_column_container\"><div class=\"vc_column-inner\"><div class=\"wpb_wrapper\"><div class=\"wpb_text_column\"><div class=\"wpb_wrapper\"><h2>Propers concerts<\/h2>\n<\/div><\/div><div class=\"w-separator size_small\"><\/div><div class=\"wpb_text_column\"><div class=\"wpb_wrapper\"><div class=\"eo-event-board\" data-board=\"69f327b34b325\"><div class=\"eo-event-board-filters\" data-filters=\"\"><\/div><div class=\"eo-event-board-items\"><\/div><div class=\"eo-event-board-more\"><\/div><\/div>\n<\/div><\/div><\/div><\/div><\/div><div class=\"vc_col-sm-6 wpb_column vc_column_container\"><div class=\"vc_column-inner\"><div class=\"wpb_wrapper\"><div class=\"wpb_text_column\"><div class=\"wpb_wrapper\"><h2>Concerts anteriors<\/h2>\n<\/div><\/div><div class=\"w-separator size_small\"><\/div><div class=\"wpb_text_column\"><div class=\"wpb_wrapper\"><h4>2026<\/h4>\n<p>17-04-2026\u00a0 \u00a0Centre de Serveis El Lledoner, Mollet del Vall\u00e8s<br \/>\n07-03-2026\u00a0 \u00a0Teatre El Coro, Sant Vicen\u00e7 de Castellet<br \/>\n30-01-2026\u00a0 \u00a0Cal Caliss\u00f3, Castellar del Vall\u00e8s<\/p>\n<h4><span style=\"font-family: inherit;\">2025<\/span><\/h4>\n<p>21-12-2025\u00a0 \u00a0La Capella de Can Gamb\u00fas, Sabadell<br \/>\n04-10-2025\u00a0 \u00a01er Festival Olesa Blues, Olesa de Montserrat<br \/>\n10-08-2025\u00a0 \u00a0C\u00e0mping Stel, Roda de Ber\u00e0<br \/>\n06-07-2025\u00a0 \u00a0C\u00e0mping Stel, Roda de Ber\u00e0<br \/>\n24-05-2025\u00a0 \u00a0Fira d&#8217;Entitats 2025 (en solitari), Olesa de Montserrat<br \/>\n17-05-2025\u00a0 \u00a0II Festival de Cultura Clandestina, Sant Joan de Vilatorrada<br \/>\n24-04-2025\u00a0 \u00a0Concurs L\u2019Aurora Music 2025 (Fase 3), Rub\u00ed<br \/>\n27-03-2025\u00a0 \u00a0Concurs L\u2019Aurora Music 2025 (Fase 2), Rub\u00ed<br \/>\n02-03-2025\u00a0 \u00a0La Capella de Can Gamb\u00fas (power trio), Sabadell<br \/>\n16-01-2025\u00a0 \u00a0Concurs L\u2019Aurora Music 2025 (Fase 1), Rub\u00ed<\/p>\n<h4>2024<\/h4>\n<p>22-09-2024\u00a0 \u00a0La Paella del Casc Antic, Olesa de Montserrat<br \/>\n06-07-2024\u00a0 \u00a0Bar Centro, Mald\u00e0<br \/>\n11-05-2024\u00a0 \u00a0ESKlandestino (privat), Barcelona<br \/>\n23-03-2024\u00a0 \u00a0Cal Caliss\u00f3, Castellar del Vall\u00e8s<br \/>\n02-03-2024 \u00a0\u00a0Cowboys MC Rub\u00ed, Rub\u00ed<\/p>\n<h4>2023<\/h4>\n<p>20-10-2023 \u00a0\u00a0Bar Kirik\u00fa, T\u00e0rrega<br \/>\n09-09-2023 \u00a0\u00a0Red &amp; Black Festival 2023, Rub\u00ed<br \/>\n14-07-2023 \u00a0\u00a0Cicle XiBarri Casal Can Portabella, Barcelona<br \/>\n09-07-2023 \u00a0\u00a0Final Concurs In\u00e8dit Llambilles 2023, Llambilles<br \/>\n04-06-2023 \u00a0\u00a0XXI Aniversari La Cantera, Calafell<br \/>\n20-05-2023 \u00a0\u00a0The Wild Geese, Sabadell<br \/>\n25-03-2023 \u00a0\u00a0Route Bar, Castelldefels<\/p>\n<h4>2020<\/h4>\n<p>03-10-2020 \u00a0\u00a0Concurs L\u2019Aurora Music 2020 (Final), Rub\u00ed<br \/>\n22-09-2020 \u00a0\u00a0Concurs L\u2019Aurora Music 2020 (Semifinals), Rub\u00ed<br \/>\n17-09-2020 \u00a0\u00a0Concurs L\u2019Aurora Music 2020 (Fase 2), Rub\u00ed<br \/>\n08-09-2020 \u00a0\u00a0Concurs L\u2019Aurora Music 2020 (Fase 1), Rub\u00ed<br \/>\n25-01-2020 \u00a0\u00a0Flappers Food &amp; Jazz Club, El Masnou<\/p>\n<h4>2019<\/h4>\n<p>21-12-2019 \u00a0\u00a0Associaci\u00f3 L\u2019Aurora-CGT Rub\u00ed, CGT Rub\u00ed, Rub\u00ed<br \/>\n24-11-2019 \u00a0\u00a0Concurs Band Wars II (Final), The Wild Geese, Sabadell<br \/>\n03-11-2019 \u00a0\u00a0Concurs Band Wars II (Fase 1), The Wild Geese, Sabadell<\/p>\n<h4>2018<\/h4>\n<p>13-10-2018 \u00a0\u00a0New Underground, Barcelona<br \/>\n29-09-2018 \u00a0\u00a0Teatre el Coro, Sant Vicen\u00e7 de Castellet<br \/>\n28-07-2018 \u00a0\u00a0Bikerjamonada 2018, Aguaviva (Teruel)<br \/>\n17-06-2018 \u00a0\u00a0XVI Aniversari La Cantera, Calafell<br \/>\n02-06-2018 \u00a0\u00a0Barris 2018 (ac\u00fastic), Sant Sadurn\u00ed d&#8217;Anoia<br \/>\n24-03-2018 \u00a0\u00a0Espai Artium (ac\u00fastic), Art\u00e9s<\/p>\n<h4>2017<\/h4>\n<p>09-12-2017 \u00a0\u00a0Associaci\u00f3 Cultural Los Trecers, Sant Adri\u00e0 de Bes\u00f2s<br \/>\n28-09-2017 \u00a0\u00a0Restaurant 08980 (ac\u00fastic), Sant Feliu de Llobregat<br \/>\n29-07-2017 \u00a0\u00a0La Torre de les Arts, Montbri\u00f3 del Camp<br \/>\n21-07-2017 \u00a0\u00a0Sis-b, Malgrat de Mar<br \/>\n14-07-2017 \u00a0\u00a0Solcafe, Gav\u00e0<br \/>\n07-07-2017 \u00a0\u00a0Love Fest 2017 (privat), Canyelles<br \/>\n28-05-2017 \u00a0\u00a0Voil\u00e0! Caf\u00e8-Teatre, Manresa<br \/>\n20-05-2017 \u00a0\u00a0Rock &amp; Route 66, Hostalets de Baleny\u00e0<br \/>\n21-01-2017 \u00a0\u00a0Reaper BCN, Barcelona<\/p>\n<h4>2016<\/h4>\n<p>01-10-2016 \u00a0\u00a0Lokal Biker, El Vendrell<br \/>\n06-08-2016 \u00a0\u00a0L\u2019Hotelet del Bac, Camprodon<br \/>\n21-07-2016 \u00a0\u00a0Luz de Gas (B), Barcelona<br \/>\n10-07-2016 \u00a0\u00a0Matinal Solid\u00e0ria, Manlleu<br \/>\n12-06-2016 \u00a0\u00a0XIV Aniversari La Cantera, Calafell<br \/>\n04-06-2016 \u00a0\u00a0Festa de la Cirera 2016, Torrelles de Llobregat<br \/>\n02-04-2016 \u00a0\u00a0Sala Creedence, Zaragoza<br \/>\n30-01-2016 \u00a0\u00a0Soul Pub Terrassa, Terrassa<br \/>\n29-01-2016\u00a0 \u00a0Sala Monasterio, Barcelona<\/p>\n<h4>2015<\/h4>\n<p>21-11-2015\u00a0 \u00a0Sala Creedence, Zaragoza<br \/>\n20-11-2015\u00a0 \u00a0La B\u00f3veda del Albergue, Zaragoza<br \/>\n17-10-2015\u00a0 \u00a0Ragtime Pub, Les Borges Blanques<br \/>\n18-07-2015\u00a0 \u00a0Esclat de Tapes, Vilanova de Bellpuig<br \/>\n17-07-2015\u00a0 \u00a0Octopus Garden, Sant Pol de Mar<br \/>\n06-06-2015\u00a0 \u00a0Ragtime Pub, Les Borges Blanques<br \/>\n16-05-2015\u00a0 \u00a06\u00e8 MotorFest Torell\u00f3, Torell\u00f3<br \/>\n26-04-2015\u00a0 \u00a02\u00aa Trobada Motera, Sant Vicen\u00e7 de Castellet<br \/>\n16-04-2015\u00a0 \u00a0La Bodegueta, Viladecans<br \/>\n11-04-2015\u00a0 \u00a0La B\u00f3veda del Albergue, Zaragoza<br \/>\n14-03-2015\u00a0 \u00a0Temple Bar Andorra, Escaldes-Engordany<br \/>\n17-01-2015\u00a0 \u00a0Temple Bar Andorra, Escaldes-Engordany<\/p>\n<h4>2014<\/h4>\n<p>29-11-2014\u00a0 \u00a0Temple Bar Andorra, Escaldes-Engordany<br \/>\n27-11-2014\u00a0 \u00a0Luz de Gas (B), Barcelona<br \/>\n22-11-2014\u00a0 \u00a0Restaurant El Xipreret (privat), Vallirana<br \/>\n03-10-2014\u00a0 \u00a0Els Pagesos, Sant Feliu de Llobregat<br \/>\n13-09-2014\u00a0 \u00a0Temple Bar Andorra, Escaldes-Engordany<br \/>\n13-06-2014\u00a0 \u00a0Els Pagesos, Sant Feliu de Llobregat<br \/>\n23-05-2014\u00a0 \u00a0Sis-b, Malgrat de Mar<br \/>\n12-04-2014\u00a0 \u00a0Temple Bar Andorra, Escaldes-Engordany<br \/>\n28-03-2014\u00a0 \u00a0Els Pagesos, Sant Feliu de Llobregat<br \/>\n08-03-2014\u00a0 \u00a0Riders Burgers Grill, Matar\u00f3<br \/>\n07-02-2014\u00a0 \u00a0Caf\u00e9 Belgrado, Sant Cugat del Vall\u00e8s<br \/>\n18-01-2014\u00a0 \u00a0La PaRockia, Balsareny<br \/>\n18-01-2014\u00a0 \u00a0La Figuera, Art\u00e9s<\/p>\n<h4>2013<\/h4>\n<p>15-12-2013\u00a0 \u00a0Rock\u2019n\u2019Roll Sundays, El Prat de Llobregat<br \/>\n30-11-2013\u00a0 \u00a0Legends Dance Hall, Terrassa<br \/>\n16-11-2013\u00a0 \u00a0La Grange Rock House, Manlleu<br \/>\n11-10-2013\u00a0 \u00a0Els Pagesos, Sant Feliu de Llobregat<br \/>\n26-08-2013\u00a0 \u00a0Can Via Music, La Palma de Cervell\u00f3<br \/>\n25-07-2013\u00a0 \u00a0Luz de Gas (B), Barcelona<br \/>\n12-07-2013\u00a0 \u00a0Sala Versalles, Barcelona<br \/>\n30-06-2013\u00a0 \u00a0Rock\u2019n\u2019Roll Sundays, El Prat de Llobregat<br \/>\n31-05-2013\u00a0 \u00a0Jampep Session\u2019s, Badalona<br \/>\n27-05-2013\u00a0 \u00a0Hotel W Barcelona (privat), Barcelona<br \/>\n03-05-2013\u00a0 \u00a0Els Pagesos, Sant Feliu de Llobregat<br \/>\n08-03-2013\u00a0 \u00a0Els Pagesos, Sant Feliu de Llobregat<br \/>\n02-02-2013\u00a0 \u00a0Sackers Piano Bar, Vilanova i la Geltr\u00fa<br \/>\n26-01-2013\u00a0 \u00a0La Conc\u00f2rdia (privat), Cabrils<br \/>\n11-01-2013\u00a0 \u00a0Els Pagesos, Sant Feliu de Llobregat<\/p>\n<h4>2012<\/h4>\n<p>01-12-2012\u00a0 \u00a0Mirab\u00e9, Barcelona<br \/>\n16-11-2012\u00a0 \u00a0M\u00e9s Parr\u00f2quia, Vilanova i la Geltr\u00fa<br \/>\n27-10-2012\u00a0 \u00a0Totxo Sam, El Vendrell<br \/>\n19-10-2012\u00a0 \u00a0Els Pagesos, Sant Feliu de Llobregat<br \/>\n15-09-2012\u00a0 \u00a0Rock&amp;Apples, Calella<br \/>\n14-08-2012\u00a0 \u00a0Camping El Solson\u00e8s, Solsona<br \/>\n19-07-2012\u00a0 \u00a0Luz de Gas (B), Barcelona<br \/>\n06-07-2012\u00a0 \u00a0Els Pagesos, Sant Feliu de Llobregat<br \/>\n16-06-2012\u00a0 \u00a0Rock&amp;Apples, Calella<br \/>\n20-04-2012\u00a0 \u00a0Els Pagesos, Sant Feliu de Llobregat<br \/>\n24-03-2012\u00a0 \u00a0Caf\u00e9 Belgrado, Sant Cugat del Vall\u00e8s<br \/>\n27-01-2012\u00a0 \u00a0Els Pagesos, Sant Feliu de Llobregat<br \/>\n13-01-2012\u00a0 \u00a0Louise Se Va, Barcelona<\/p>\n<h4>2011<\/h4>\n<p>04-12-2011\u00a0 \u00a0La Traviesa, Torredembarra<br \/>\n19-11-2011\u00a0 \u00a0XIX Bloc Festival 2011, Olesa de Montserrat<br \/>\n10-11-2011\u00a0 \u00a0The 1916 Irish Pub, Cerdanyola del Vall\u00e8s<br \/>\n29-10-2011\u00a0 \u00a0The Tube II, Sant Adri\u00e0 de Bes\u00f2s<br \/>\n28-10-2011\u00a0 \u00a0Blues Bar, Cerdanyola del Vall\u00e8s<br \/>\n24-09-2011\u00a0 \u00a0The City Arms, Centelles<br \/>\n08-07-2011\u00a0 \u00a0Voil\u00e0! Caf\u00e8-Teatre, Manresa<br \/>\n15-04-2011\u00a0 \u00a0BeGood Club, Barcelona<\/p>\n<h4>2010<\/h4>\n<p>28-05-2010\u00a0 \u00a0BeGood Club, Barcelona<br \/>\n06-03-2010\u00a0 \u00a0Duesaig\u00fces, Duesaig\u00fces<br \/>\n20-02-2010\u00a0 \u00a0Lo Submarino, Rasquera<\/p>\n<h4>2009<\/h4>\n<p>23-09-2009\u00a0 \u00a0BeGood Club, Barcelona<br \/>\n28-08-2009\u00a0 \u00a0Duesaig\u00fces, Duesaig\u00fces<br \/>\n25-07-2009\u00a0 \u00a0Sala Thruman, Sant Adri\u00e0 de Bes\u00f2s<br \/>\n23-07-2009\u00a0 \u00a0Luz de Gas (B), Barcelona<br \/>\n11-07-2009\u00a0 \u00a0Rocksound, Barcelona<br \/>\n25-06-2009\u00a0 \u00a0Discoteca Sol Club, Barcelona<br \/>\n09-05-2009\u00a0 \u00a0Razzmatazz, Barcelona<br \/>\n07-02-2009\u00a0 \u00a0BeGood Club, Barcelona<\/p>\n<h4>2008<\/h4>\n<p>01-12-2008\u00a0 \u00a0BeCool Club, Barcelona<br \/>\n27-07-2008\u00a0 \u00a0La Palma, Reus<br \/>\n26-07-2008\u00a0 \u00a0L\u2019Argentera, L&#8217;Argentera<br \/>\n10-07-2008\u00a0 \u00a0Luz de Gas (B), Barcelona<br \/>\n12-06-2008\u00a0 \u00a0Concentraci\u00f3 Harley, El Vendrell<br \/>\n12-04-2008\u00a0 \u00a0Horta, Barcelona<br \/>\n01-03-2008\u00a0 \u00a0Sala Apolo 2, Barcelona<\/p>\n<h4>2007<\/h4>\n<p>30-12-2007\u00a0 \u00a0Musulungo, Reus<br \/>\n24-11-2007\u00a0 \u00a0Banda Sonora, Sant Adri\u00e0 de Bes\u00f2s<br \/>\n19-07-2007\u00a0 \u00a0Luz de Gas (B), Barcelona<br \/>\n14-04-2007\u00a0 \u00a0Caf\u00e9 Belgrado, Sant Cugat del Vall\u00e8s<\/p>\n<h4>2006<\/h4>\n<p>01-12-2006\u00a0 \u00a0La Rulot, Barcelona<br \/>\n04-08-2006\u00a0 \u00a0Duesaig\u00fces, Duesaig\u00fces<br \/>\n22-07-2006\u00a0 \u00a0Caf\u00e9 Belgrado, Sant Cugat del Vall\u00e8s<br \/>\n27-01-2006\u00a0 \u00a0London Bar, Barcelona<\/p>\n<h4>2005<\/h4>\n<p>20-08-2005\u00a0 \u00a0Duesaig\u00fces, Duesaig\u00fces<br \/>\n11-06-2005\u00a0 \u00a0Sala Vivaldi, Barcelona<\/p>\n<\/div><\/div><\/div><\/div><\/div><\/div><\/div><\/section>","protected":false},"excerpt":{"rendered":"Propers concerts Concerts anteriors 2026 17-04-2026\u00a0 \u00a0Centre de Serveis El Lledoner, Mollet del Vall\u00e8s 07-03-2026\u00a0 \u00a0Teatre El Coro, Sant Vicen\u00e7 de Castellet 30-01-2026\u00a0 \u00a0Cal Caliss\u00f3, Castellar del Vall\u00e8s 2025 21-12-2025\u00a0 \u00a0La Capella de Can Gamb\u00fas, Sabadell 04-10-2025\u00a0 \u00a01er Festival Olesa Blues, Olesa de Montserrat 10-08-2025\u00a0 \u00a0C\u00e0mping Stel, Roda de Ber\u00e0 06-07-2025\u00a0 \u00a0C\u00e0mping Stel, Roda de...","protected":false},"author":2,"featured_media":0,"parent":0,"menu_order":3,"comment_status":"closed","ping_status":"closed","template":"","meta":{"footnotes":""},"class_list":["post-108","page","type-page","status-publish","hentry"],"yoast_head":"<!-- This site is optimized with the Yoast SEO plugin v27.5 - https:\/\/yoast.com\/product\/yoast-seo-wordpress\/ -->\n<title>Concerts de la banda de blues&amp;rock | The Generation | Barcelona<\/title>\n<meta name=\"description\" content=\"Conciertos de la banda de blues&amp;rock The Generation. Lo pasamos muy bien en el escenario y sabemos hacer disfrutar al p\u00fablico con nuestro espect\u00e1culo.\" \/>\n<meta name=\"robots\" content=\"index, follow, max-snippet:-1, max-image-preview:large, max-video-preview:-1\" \/>\n<link rel=\"canonical\" href=\"https:\/\/thegeneration.info\/ca\/conciertos-de-la-banda-de-blues-and-rock\/\" \/>\n<meta property=\"og:locale\" content=\"ca_ES\" \/>\n<meta property=\"og:type\" content=\"article\" \/>\n<meta property=\"og:title\" content=\"Concerts de la banda de blues&amp;rock | The Generation | Barcelona\" \/>\n<meta property=\"og:description\" content=\"Conciertos de la banda de blues&amp;rock The Generation. Lo pasamos muy bien en el escenario y sabemos hacer disfrutar al p\u00fablico con nuestro espect\u00e1culo.\" \/>\n<meta property=\"og:url\" content=\"https:\/\/thegeneration.info\/ca\/conciertos-de-la-banda-de-blues-and-rock\/\" \/>\n<meta property=\"og:site_name\" content=\"The Generation\" \/>\n<meta property=\"article:modified_time\" content=\"2026-04-20T05:55:42+00:00\" \/>\n<meta property=\"og:image\" content=\"https:\/\/thegeneration.info\/wp-content\/uploads\/2018\/07\/the-generation.jpg\" \/>\n\t<meta property=\"og:image:width\" content=\"2048\" \/>\n\t<meta property=\"og:image:height\" content=\"2048\" \/>\n\t<meta property=\"og:image:type\" content=\"image\/jpeg\" \/>\n<meta name=\"twitter:card\" content=\"summary_large_image\" \/>\n<meta name=\"twitter:label1\" content=\"Temps estimat de lectura\" \/>\n\t<meta name=\"twitter:data1\" content=\"6 minuts\" \/>\n<script type=\"application\/ld+json\" class=\"yoast-schema-graph\">{\"@context\":\"https:\\\/\\\/schema.org\",\"@graph\":[{\"@type\":\"WebPage\",\"@id\":\"https:\\\/\\\/thegeneration.info\\\/ca\\\/conciertos-de-la-banda-de-blues-and-rock\\\/\",\"url\":\"https:\\\/\\\/thegeneration.info\\\/ca\\\/conciertos-de-la-banda-de-blues-and-rock\\\/\",\"name\":\"Concerts de la banda de blues&rock | The Generation | Barcelona\",\"isPartOf\":{\"@id\":\"https:\\\/\\\/thegeneration.info\\\/ca\\\/#website\"},\"datePublished\":\"2016-02-23T11:08:07+00:00\",\"dateModified\":\"2026-04-20T05:55:42+00:00\",\"description\":\"Conciertos de la banda de blues&rock The Generation. Lo pasamos muy bien en el escenario y sabemos hacer disfrutar al p\u00fablico con nuestro espect\u00e1culo.\",\"breadcrumb\":{\"@id\":\"https:\\\/\\\/thegeneration.info\\\/ca\\\/conciertos-de-la-banda-de-blues-and-rock\\\/#breadcrumb\"},\"inLanguage\":\"ca\",\"potentialAction\":[{\"@type\":\"ReadAction\",\"target\":[[\"https:\\\/\\\/thegeneration.info\\\/ca\\\/conciertos-de-la-banda-de-blues-and-rock\\\/\"]]}]},{\"@type\":\"BreadcrumbList\",\"@id\":\"https:\\\/\\\/thegeneration.info\\\/ca\\\/conciertos-de-la-banda-de-blues-and-rock\\\/#breadcrumb\",\"itemListElement\":[{\"@type\":\"ListItem\",\"position\":1,\"name\":\"Portada\",\"item\":\"https:\\\/\\\/thegeneration.info\\\/ca\\\/\"},{\"@type\":\"ListItem\",\"position\":2,\"name\":\"Conciertos de la banda de blues&#038;rock\"}]},{\"@type\":\"WebSite\",\"@id\":\"https:\\\/\\\/thegeneration.info\\\/ca\\\/#website\",\"url\":\"https:\\\/\\\/thegeneration.info\\\/ca\\\/\",\"name\":\"The Generation\",\"description\":\"Banda de Blues&amp;Rock de Barcelona\",\"publisher\":{\"@id\":\"https:\\\/\\\/thegeneration.info\\\/ca\\\/#organization\"},\"alternateName\":\"The Generation\",\"potentialAction\":[{\"@type\":\"SearchAction\",\"target\":{\"@type\":\"EntryPoint\",\"urlTemplate\":\"https:\\\/\\\/thegeneration.info\\\/ca\\\/?s={search_term_string}\"},\"query-input\":{\"@type\":\"PropertyValueSpecification\",\"valueRequired\":true,\"valueName\":\"search_term_string\"}}],\"inLanguage\":\"ca\"},{\"@type\":\"Organization\",\"@id\":\"https:\\\/\\\/thegeneration.info\\\/ca\\\/#organization\",\"name\":\"The Generation\",\"alternateName\":\"The Generation\",\"url\":\"https:\\\/\\\/thegeneration.info\\\/ca\\\/\",\"logo\":{\"@type\":\"ImageObject\",\"inLanguage\":\"ca\",\"@id\":\"https:\\\/\\\/thegeneration.info\\\/ca\\\/#\\\/schema\\\/logo\\\/image\\\/\",\"url\":\"https:\\\/\\\/thegeneration.info\\\/wp-content\\\/uploads\\\/2018\\\/07\\\/the-generation.jpg\",\"contentUrl\":\"https:\\\/\\\/thegeneration.info\\\/wp-content\\\/uploads\\\/2018\\\/07\\\/the-generation.jpg\",\"width\":2048,\"height\":2048,\"caption\":\"The Generation\"},\"image\":{\"@id\":\"https:\\\/\\\/thegeneration.info\\\/ca\\\/#\\\/schema\\\/logo\\\/image\\\/\"},\"sameAs\":[\"https:\\\/\\\/www.instagram.com\\\/generationBCN\\\/\",\"https:\\\/\\\/www.youtube.com\\\/@generationbcn\"]}]}<\/script>\n<!-- \/ Yoast SEO plugin. -->","yoast_head_json":{"title":"Concerts de la banda de blues&rock | The Generation | Barcelona","description":"Conciertos de la banda de blues&rock The Generation. Lo pasamos muy bien en el escenario y sabemos hacer disfrutar al p\u00fablico con nuestro espect\u00e1culo.","robots":{"index":"index","follow":"follow","max-snippet":"max-snippet:-1","max-image-preview":"max-image-preview:large","max-video-preview":"max-video-preview:-1"},"canonical":"https:\/\/thegeneration.info\/ca\/conciertos-de-la-banda-de-blues-and-rock\/","og_locale":"ca_ES","og_type":"article","og_title":"Concerts de la banda de blues&rock | The Generation | Barcelona","og_description":"Conciertos de la banda de blues&rock The Generation. Lo pasamos muy bien en el escenario y sabemos hacer disfrutar al p\u00fablico con nuestro espect\u00e1culo.","og_url":"https:\/\/thegeneration.info\/ca\/conciertos-de-la-banda-de-blues-and-rock\/","og_site_name":"The Generation","article_modified_time":"2026-04-20T05:55:42+00:00","og_image":[{"width":2048,"height":2048,"url":"https:\/\/thegeneration.info\/wp-content\/uploads\/2018\/07\/the-generation.jpg","type":"image\/jpeg"}],"twitter_card":"summary_large_image","twitter_misc":{"Temps estimat de lectura":"6 minuts"},"schema":{"@context":"https:\/\/schema.org","@graph":[{"@type":"WebPage","@id":"https:\/\/thegeneration.info\/ca\/conciertos-de-la-banda-de-blues-and-rock\/","url":"https:\/\/thegeneration.info\/ca\/conciertos-de-la-banda-de-blues-and-rock\/","name":"Concerts de la banda de blues&rock | The Generation | Barcelona","isPartOf":{"@id":"https:\/\/thegeneration.info\/ca\/#website"},"datePublished":"2016-02-23T11:08:07+00:00","dateModified":"2026-04-20T05:55:42+00:00","description":"Conciertos de la banda de blues&rock The Generation. Lo pasamos muy bien en el escenario y sabemos hacer disfrutar al p\u00fablico con nuestro espect\u00e1culo.","breadcrumb":{"@id":"https:\/\/thegeneration.info\/ca\/conciertos-de-la-banda-de-blues-and-rock\/#breadcrumb"},"inLanguage":"ca","potentialAction":[{"@type":"ReadAction","target":[["https:\/\/thegeneration.info\/ca\/conciertos-de-la-banda-de-blues-and-rock\/"]]}]},{"@type":"BreadcrumbList","@id":"https:\/\/thegeneration.info\/ca\/conciertos-de-la-banda-de-blues-and-rock\/#breadcrumb","itemListElement":[{"@type":"ListItem","position":1,"name":"Portada","item":"https:\/\/thegeneration.info\/ca\/"},{"@type":"ListItem","position":2,"name":"Conciertos de la banda de blues&#038;rock"}]},{"@type":"WebSite","@id":"https:\/\/thegeneration.info\/ca\/#website","url":"https:\/\/thegeneration.info\/ca\/","name":"The Generation","description":"Banda de Blues&amp;Rock de Barcelona","publisher":{"@id":"https:\/\/thegeneration.info\/ca\/#organization"},"alternateName":"The Generation","potentialAction":[{"@type":"SearchAction","target":{"@type":"EntryPoint","urlTemplate":"https:\/\/thegeneration.info\/ca\/?s={search_term_string}"},"query-input":{"@type":"PropertyValueSpecification","valueRequired":true,"valueName":"search_term_string"}}],"inLanguage":"ca"},{"@type":"Organization","@id":"https:\/\/thegeneration.info\/ca\/#organization","name":"The Generation","alternateName":"The Generation","url":"https:\/\/thegeneration.info\/ca\/","logo":{"@type":"ImageObject","inLanguage":"ca","@id":"https:\/\/thegeneration.info\/ca\/#\/schema\/logo\/image\/","url":"https:\/\/thegeneration.info\/wp-content\/uploads\/2018\/07\/the-generation.jpg","contentUrl":"https:\/\/thegeneration.info\/wp-content\/uploads\/2018\/07\/the-generation.jpg","width":2048,"height":2048,"caption":"The Generation"},"image":{"@id":"https:\/\/thegeneration.info\/ca\/#\/schema\/logo\/image\/"},"sameAs":["https:\/\/www.instagram.com\/generationBCN\/","https:\/\/www.youtube.com\/@generationbcn"]}]}},"_links":{"self":[{"href":"https:\/\/thegeneration.info\/ca\/wp-json\/wp\/v2\/pages\/108","targetHints":{"allow":["GET"]}}],"collection":[{"href":"https:\/\/thegeneration.info\/ca\/wp-json\/wp\/v2\/pages"}],"about":[{"href":"https:\/\/thegeneration.info\/ca\/wp-json\/wp\/v2\/types\/page"}],"author":[{"embeddable":true,"href":"https:\/\/thegeneration.info\/ca\/wp-json\/wp\/v2\/users\/2"}],"replies":[{"embeddable":true,"href":"https:\/\/thegeneration.info\/ca\/wp-json\/wp\/v2\/comments?post=108"}],"version-history":[{"count":31,"href":"https:\/\/thegeneration.info\/ca\/wp-json\/wp\/v2\/pages\/108\/revisions"}],"predecessor-version":[{"id":1909,"href":"https:\/\/thegeneration.info\/ca\/wp-json\/wp\/v2\/pages\/108\/revisions\/1909"}],"wp:attachment":[{"href":"https:\/\/thegeneration.info\/ca\/wp-json\/wp\/v2\/media?parent=108"}],"curies":[{"name":"wp","href":"https:\/\/api.w.org\/{rel}","templated":true}]}}