{"id":1047,"date":"2018-01-12T16:56:21","date_gmt":"2018-01-12T15:56:21","guid":{"rendered":"http:\/\/thegeneration.info\/?page_id=1047"},"modified":"2025-10-31T16:52:28","modified_gmt":"2025-10-31T15:52:28","slug":"banda-de-blues-and-rock-electrico","status":"publish","type":"page","link":"https:\/\/thegeneration.info\/ca\/banda-de-blues-and-rock-electrico\/","title":{"rendered":"Banda de blues&#038;rock el\u00e8ctric"},"content":{"rendered":"<section class=\"l-section wpb_row height_large\"><div class=\"l-section-h i-cf\"><div class=\"g-cols vc_row via_flex valign_top type_default stacking_default\"><div class=\"vc_col-sm-12 wpb_column vc_column_container\"><div class=\"vc_column-inner\"><div class=\"wpb_wrapper\"><div class=\"g-cols wpb_row via_flex valign_top type_default stacking_default\"><div class=\"vc_col-sm-3 wpb_column vc_column_container\"><div class=\"vc_column-inner\"><div class=\"wpb_wrapper\"><\/div><\/div><\/div><div class=\"vc_col-sm-6 wpb_column vc_column_container\"><div class=\"vc_column-inner\"><div class=\"wpb_wrapper\"><div class=\"w-image align_center\"><div class=\"w-image-h\"><img decoding=\"async\" width=\"1920\" height=\"815\" src=\"https:\/\/thegeneration.info\/wp-content\/uploads\/2018\/01\/Logo_The_Generation_EB.png\" class=\"attachment-full size-full\" alt=\"\" loading=\"lazy\" srcset=\"https:\/\/thegeneration.info\/wp-content\/uploads\/2018\/01\/Logo_The_Generation_EB.png 1920w, https:\/\/thegeneration.info\/wp-content\/uploads\/2018\/01\/Logo_The_Generation_EB-300x127.png 300w, https:\/\/thegeneration.info\/wp-content\/uploads\/2018\/01\/Logo_The_Generation_EB-768x326.png 768w, https:\/\/thegeneration.info\/wp-content\/uploads\/2018\/01\/Logo_The_Generation_EB-1024x435.png 1024w, https:\/\/thegeneration.info\/wp-content\/uploads\/2018\/01\/Logo_The_Generation_EB-600x255.png 600w\" sizes=\"auto, (max-width: 1920px) 100vw, 1920px\" \/><\/div><\/div><\/div><\/div><\/div><div class=\"vc_col-sm-3 wpb_column vc_column_container\"><div class=\"vc_column-inner\"><div class=\"wpb_wrapper\"><\/div><\/div><\/div><\/div><div class=\"w-separator size_medium\"><\/div><div class=\"g-cols wpb_row via_flex valign_top type_default stacking_default\"><div class=\"vc_col-sm-12 wpb_column vc_column_container\"><div class=\"vc_column-inner\"><div class=\"wpb_wrapper\"><div class=\"w-image align_center\"><div class=\"w-image-h\"><img decoding=\"async\" width=\"1920\" height=\"880\" src=\"https:\/\/thegeneration.info\/wp-content\/uploads\/2019\/06\/the-generation-electric-band.jpg\" class=\"attachment-full size-full\" alt=\"Blues&amp;Rock de Barcelona\" loading=\"lazy\" srcset=\"https:\/\/thegeneration.info\/wp-content\/uploads\/2019\/06\/the-generation-electric-band.jpg 1920w, https:\/\/thegeneration.info\/wp-content\/uploads\/2019\/06\/the-generation-electric-band-300x138.jpg 300w, https:\/\/thegeneration.info\/wp-content\/uploads\/2019\/06\/the-generation-electric-band-1024x469.jpg 1024w, https:\/\/thegeneration.info\/wp-content\/uploads\/2019\/06\/the-generation-electric-band-600x275.jpg 600w, https:\/\/thegeneration.info\/wp-content\/uploads\/2019\/06\/the-generation-electric-band-768x352.jpg 768w\" sizes=\"auto, (max-width: 1920px) 100vw, 1920px\" \/><\/div><\/div><\/div><\/div><\/div><\/div><div class=\"w-separator size_medium\"><\/div><div class=\"g-cols wpb_row via_flex valign_top type_default stacking_default\"><div class=\"vc_col-sm-6 wpb_column vc_column_container\"><div class=\"vc_column-inner\"><div class=\"wpb_wrapper\"><div class=\"wpb_text_column\"><div class=\"wpb_wrapper\"><p><strong>The Generation<\/strong> \u00e9s una consolidada <strong>banda de southern rock, blues&amp;rock i rock\u2019n\u2019roll de Catalunya<\/strong> amb una llarga traject\u00f2ria per escenaris de tot el pa\u00eds.<\/p>\n<p>Durant el seu espectacle, versionen i rememoren els \u00e8xits de les generacions de m\u00fasics d\u2019aquests g\u00e8neres musicals com els <strong>Lynyrd Skynyrd, ZZ Top, Creedence Clearwater Revival, The Black Crowes, Stevie Ray Vaughan, Jimi Hendrix, The Allman Brothers<\/strong> i d\u2019altres bandes, de forma acurada i amb gran qualitat musical, amb el m\u00e0xim respecte i admiraci\u00f3 als autors homenatjats.<\/p>\n<p><strong>The Generation<\/strong> tamb\u00e9 interpreta les seves <strong>propies can\u00e7ons<\/strong> que ha anat composant al llarg dels anys i les ha anat incorporant al seu repertori.<\/p>\n<\/div><\/div><\/div><\/div><\/div><div class=\"vc_col-sm-6 wpb_column vc_column_container\"><div class=\"vc_column-inner\"><div class=\"wpb_wrapper\"><div class=\"wpb_text_column\"><div class=\"wpb_wrapper\"><p><strong>The Generation<\/strong> ofereix un espectacle ple d\u2019energia, sentiment i passi\u00f3, amb una gran posada en escena, fent que el p\u00fablic visqui una gran experi\u00e8ncia.<\/p>\n<p><strong>The Generation<\/strong> est\u00e0 formada per <strong>Albert Ferr\u00e9s<\/strong>, veu i guitarra, entusiasta del blues&amp;rock i el southern rock, amb m\u00e9s de 30 anys de traject\u00f2ria musical i una fant\u00e0stica veu sovint comparada amb la de John Fogerty o Johnny Van Zant; en <strong>Gustavo G\u00f3mez<\/strong>, veu i baix, i fundador de la banda, amb extensa traject\u00f2ria per escenaris com el The Cavern Club de Liverpool; en <strong>Josep Herrero<\/strong>, guitarra, amb un estil elegant i impecable que beu d\u2019en Keith Richards; i en <strong>Manu Ca\u00f1adas<\/strong>, bateria amb una reputada traject\u00f2ria compartint escenari amb grups de la talla de Coldplay o Stereophonics.<\/p>\n<\/div><\/div><\/div><\/div><\/div><\/div><div class=\"w-separator size_medium\"><\/div><div class=\"wpb_text_column\"><div class=\"wpb_wrapper\"><p style=\"text-align: center;\">Vols fer un <strong>concert<\/strong>, una <strong>festa privada<\/strong> o tens una <strong>sala de concerts<\/strong> i necessites un <strong>grup de southern rock, blues&amp;rock o rock\u2019n\u2019roll<\/strong>? Llavors necessites a <strong>The Generation<\/strong>!<\/p>\n<\/div><\/div><\/div><\/div><\/div><\/div><\/div><\/section><section class=\"l-section wpb_row height_large\"><div class=\"l-section-h i-cf\"><div class=\"g-cols vc_row via_flex valign_top type_default stacking_default\"><div class=\"vc_col-sm-12 wpb_column vc_column_container\"><div class=\"vc_column-inner\"><div class=\"wpb_wrapper\"><div class=\"g-cols wpb_row via_flex valign_top type_default stacking_default\"><div class=\"vc_col-sm-6 wpb_column vc_column_container\"><div class=\"vc_column-inner\"><div class=\"wpb_wrapper\"><div class=\"w-person layout_trendy effect_bw\" itemscope itemtype=\"https:\/\/schema.org\/Person\"><div class=\"w-person-image\"><img loading=\"lazy\" decoding=\"async\" width=\"600\" height=\"600\" src=\"https:\/\/thegeneration.info\/wp-content\/uploads\/2019\/06\/albert-ferres-600x600.jpg\" class=\"attachment-us_600_600_crop size-us_600_600_crop\" alt=\"Albert Ferr\u00e9s - Voz y guitarra de The Generation\" itemprop=\"image\" srcset=\"https:\/\/thegeneration.info\/wp-content\/uploads\/2019\/06\/albert-ferres-600x600.jpg 600w, https:\/\/thegeneration.info\/wp-content\/uploads\/2019\/06\/albert-ferres-150x150.jpg 150w, https:\/\/thegeneration.info\/wp-content\/uploads\/2019\/06\/albert-ferres-300x300.jpg 300w, https:\/\/thegeneration.info\/wp-content\/uploads\/2019\/06\/albert-ferres-1024x1024.jpg 1024w, https:\/\/thegeneration.info\/wp-content\/uploads\/2019\/06\/albert-ferres-350x350.jpg 350w, https:\/\/thegeneration.info\/wp-content\/uploads\/2019\/06\/albert-ferres-768x768.jpg 768w, https:\/\/thegeneration.info\/wp-content\/uploads\/2019\/06\/albert-ferres.jpg 1920w\" sizes=\"auto, (max-width: 600px) 100vw, 600px\" \/><\/div><div class=\"w-person-content\"><h3 itemprop=\"name\" class=\"w-person-name\"><span>Albert Ferr\u00e9s<\/span><\/h3><div class=\"w-person-role\" itemprop=\"jobTitle\">Veu i guitarra<\/div><\/div><\/div><\/div><\/div><\/div><div class=\"vc_col-sm-6 wpb_column vc_column_container\"><div class=\"vc_column-inner\"><div class=\"wpb_wrapper\"><div class=\"w-person layout_trendy effect_bw\" itemscope itemtype=\"https:\/\/schema.org\/Person\"><div class=\"w-person-image\"><img loading=\"lazy\" decoding=\"async\" width=\"600\" height=\"600\" src=\"https:\/\/thegeneration.info\/wp-content\/uploads\/2019\/06\/gustavo-gomez-600x600.jpg\" class=\"attachment-us_600_600_crop size-us_600_600_crop\" alt=\"Gustavo G\u00f3mez - Voz y bajo de The Generation\" itemprop=\"image\" srcset=\"https:\/\/thegeneration.info\/wp-content\/uploads\/2019\/06\/gustavo-gomez-600x600.jpg 600w, https:\/\/thegeneration.info\/wp-content\/uploads\/2019\/06\/gustavo-gomez-150x150.jpg 150w, https:\/\/thegeneration.info\/wp-content\/uploads\/2019\/06\/gustavo-gomez-300x300.jpg 300w, https:\/\/thegeneration.info\/wp-content\/uploads\/2019\/06\/gustavo-gomez-1024x1024.jpg 1024w, https:\/\/thegeneration.info\/wp-content\/uploads\/2019\/06\/gustavo-gomez-350x350.jpg 350w, https:\/\/thegeneration.info\/wp-content\/uploads\/2019\/06\/gustavo-gomez-768x768.jpg 768w, https:\/\/thegeneration.info\/wp-content\/uploads\/2019\/06\/gustavo-gomez.jpg 1920w\" sizes=\"auto, (max-width: 600px) 100vw, 600px\" \/><\/div><div class=\"w-person-content\"><h3 itemprop=\"name\" class=\"w-person-name\"><span>Gustavo G\u00f3mez<\/span><\/h3><div class=\"w-person-role\" itemprop=\"jobTitle\">Veu i baix<\/div><\/div><\/div><\/div><\/div><\/div><\/div><div class=\"w-separator size_medium\"><\/div><div class=\"g-cols wpb_row via_flex valign_top type_default stacking_default\"><div class=\"vc_col-sm-6 wpb_column vc_column_container\"><div class=\"vc_column-inner\"><div class=\"wpb_wrapper\"><div class=\"w-person layout_trendy effect_bw\" itemscope itemtype=\"https:\/\/schema.org\/Person\"><div class=\"w-person-image\"><img loading=\"lazy\" decoding=\"async\" width=\"600\" height=\"600\" src=\"https:\/\/thegeneration.info\/wp-content\/uploads\/2019\/06\/josep-herrero-1-600x600.jpg\" class=\"attachment-us_600_600_crop size-us_600_600_crop\" alt=\"Josep Herrero - Guitarra de The Generation\" itemprop=\"image\" srcset=\"https:\/\/thegeneration.info\/wp-content\/uploads\/2019\/06\/josep-herrero-1-600x600.jpg 600w, https:\/\/thegeneration.info\/wp-content\/uploads\/2019\/06\/josep-herrero-1-150x150.jpg 150w, https:\/\/thegeneration.info\/wp-content\/uploads\/2019\/06\/josep-herrero-1-300x300.jpg 300w, https:\/\/thegeneration.info\/wp-content\/uploads\/2019\/06\/josep-herrero-1-1024x1024.jpg 1024w, https:\/\/thegeneration.info\/wp-content\/uploads\/2019\/06\/josep-herrero-1-350x350.jpg 350w, https:\/\/thegeneration.info\/wp-content\/uploads\/2019\/06\/josep-herrero-1-768x768.jpg 768w, https:\/\/thegeneration.info\/wp-content\/uploads\/2019\/06\/josep-herrero-1.jpg 1920w\" sizes=\"auto, (max-width: 600px) 100vw, 600px\" \/><\/div><div class=\"w-person-content\"><h3 itemprop=\"name\" class=\"w-person-name\"><span>Josep Herrero<\/span><\/h3><div class=\"w-person-role\" itemprop=\"jobTitle\">Guitarra<\/div><\/div><\/div><\/div><\/div><\/div><div class=\"vc_col-sm-6 wpb_column vc_column_container\"><div class=\"vc_column-inner\"><div class=\"wpb_wrapper\"><div class=\"w-person layout_trendy effect_bw\" itemscope itemtype=\"https:\/\/schema.org\/Person\"><div class=\"w-person-image\"><img loading=\"lazy\" decoding=\"async\" width=\"600\" height=\"600\" src=\"https:\/\/thegeneration.info\/wp-content\/uploads\/2019\/06\/manu-canadas-600x600.jpg\" class=\"attachment-us_600_600_crop size-us_600_600_crop\" alt=\"Manu Ca\u00f1adas - Bater\u00eda de The Generation\" itemprop=\"image\" srcset=\"https:\/\/thegeneration.info\/wp-content\/uploads\/2019\/06\/manu-canadas-600x600.jpg 600w, https:\/\/thegeneration.info\/wp-content\/uploads\/2019\/06\/manu-canadas-150x150.jpg 150w, https:\/\/thegeneration.info\/wp-content\/uploads\/2019\/06\/manu-canadas-300x300.jpg 300w, https:\/\/thegeneration.info\/wp-content\/uploads\/2019\/06\/manu-canadas-1024x1024.jpg 1024w, https:\/\/thegeneration.info\/wp-content\/uploads\/2019\/06\/manu-canadas-350x350.jpg 350w, https:\/\/thegeneration.info\/wp-content\/uploads\/2019\/06\/manu-canadas-768x768.jpg 768w, https:\/\/thegeneration.info\/wp-content\/uploads\/2019\/06\/manu-canadas.jpg 1920w\" sizes=\"auto, (max-width: 600px) 100vw, 600px\" \/><\/div><div class=\"w-person-content\"><h3 itemprop=\"name\" class=\"w-person-name\"><span>Manu Ca\u00f1adas<\/span><\/h3><div class=\"w-person-role\" itemprop=\"jobTitle\">Bateria<\/div><\/div><\/div><\/div><\/div><\/div><\/div><\/div><\/div><\/div><\/div><\/div><\/section><section class=\"l-section wpb_row height_large color_alternate\"><div class=\"l-section-h i-cf\"><div class=\"g-cols vc_row via_flex valign_top type_default stacking_default\"><div class=\"vc_col-sm-12 wpb_column vc_column_container\"><div class=\"vc_column-inner\"><div class=\"wpb_wrapper\"><div class=\"wpb_text_column\"><div class=\"wpb_wrapper\"><h2 style=\"text-align: center;\">Serveis que oferim<\/h2>\n<\/div><\/div><\/div><\/div><\/div><\/div><\/div><\/section><section class=\"l-section wpb_row height_large\"><div class=\"l-section-h i-cf\"><div class=\"g-cols vc_row via_flex valign_top type_default stacking_default\"><div class=\"vc_col-sm-6 wpb_column vc_column_container\"><div class=\"vc_column-inner\"><div class=\"wpb_wrapper\"><div class=\"w-iconbox iconpos_top style_default color_primary align_center\"><div class=\"w-iconbox-icon\" style=\"font-size:2rem;\"><i class=\"fas fa-music\"><\/i><\/div><div class=\"w-iconbox-meta\"><h4 class=\"w-iconbox-title\">Concerts<\/h4><div class=\"w-iconbox-text\"><p>Oferim tot tipus d&#8217;actuacions: concerts vermut, concerts after-work, concerts de nit&#8230; M\u00fasica en directe amb tot l&#8217;equip per al teu local o terrassa.<\/p>\n<\/div><\/div><\/div><\/div><\/div><\/div><div class=\"vc_col-sm-6 wpb_column vc_column_container\"><div class=\"vc_column-inner\"><div class=\"wpb_wrapper\"><div class=\"w-iconbox iconpos_top style_default color_primary align_center\"><div class=\"w-iconbox-icon\" style=\"font-size:2rem;\"><i class=\"fas fa-motorcycle\"><\/i><\/div><div class=\"w-iconbox-meta\"><h4 class=\"w-iconbox-title\">Concentracions moteres<\/h4><div class=\"w-iconbox-text\"><p>Un ambient de rock&#8217;n&#8217;roll per celebrar la teva concentraci\u00f3 de motos o de tem\u00e0tica americana. Posem gas a la teva festa. Professionalitat, qualitat i pot\u00e8ncia. Blues&amp;rock, rock&#8217;n&#8217;roll, rock sureny&#8230;<\/p>\n<\/div><\/div><\/div><\/div><\/div><\/div><\/div><\/div><\/section><section class=\"l-section wpb_row height_large\"><div class=\"l-section-h i-cf\"><div class=\"g-cols vc_row via_flex valign_top type_default stacking_default\"><div class=\"vc_col-sm-6 wpb_column vc_column_container\"><div class=\"vc_column-inner\"><div class=\"wpb_wrapper\"><div class=\"w-iconbox iconpos_top style_default color_primary align_center\"><div class=\"w-iconbox-icon\" style=\"font-size:2rem;\"><i class=\"material-icons\">local_bar<\/i><\/div><div class=\"w-iconbox-meta\"><h4 class=\"w-iconbox-title\">Amenitzaci\u00f3 casaments<\/h4><div class=\"w-iconbox-text\"><p>Un ambient ideal per celebrar el teu casament a ritme de rock&#8217;n&#8217;roll. Amenitzem des del c\u00f2ctel o aperitiu del teu casament fins a moments especials de la cerim\u00f2nia. Professionalitat, qualitat i eleg\u00e0ncia.<\/p>\n<\/div><\/div><\/div><\/div><\/div><\/div><div class=\"vc_col-sm-6 wpb_column vc_column_container\"><div class=\"vc_column-inner\"><div class=\"wpb_wrapper\"><div class=\"w-iconbox iconpos_top style_default color_primary align_center\"><div class=\"w-iconbox-icon\" style=\"font-size:2rem;\"><i class=\"fas fa-briefcase\"><\/i><\/div><div class=\"w-iconbox-meta\"><h4 class=\"w-iconbox-title\">Amenitzaci\u00f3 esdeveniments<\/h4><div class=\"w-iconbox-text\"><p>Amenitzem el teu esdeveniment corporatiu, inauguraci\u00f3, festa privada o convenci\u00f3 amb una actuaci\u00f3 professional, elegant i de qualitat. Ens adaptem a qualsevol tipus d&#8217;esdeveniment.<\/p>\n<\/div><\/div><\/div><\/div><\/div><\/div><\/div><\/div><\/section>","protected":false},"excerpt":{"rendered":"The Generation \u00e9s una consolidada banda de southern rock, blues&amp;rock i rock\u2019n\u2019roll de Catalunya amb una llarga traject\u00f2ria per escenaris de tot el pa\u00eds. Durant el seu espectacle, versionen i rememoren els \u00e8xits de les generacions de m\u00fasics d\u2019aquests g\u00e8neres musicals com els Lynyrd Skynyrd, ZZ Top, Creedence Clearwater Revival, The Black Crowes, Stevie Ray...","protected":false},"author":2,"featured_media":0,"parent":0,"menu_order":1,"comment_status":"closed","ping_status":"closed","template":"","meta":{"footnotes":""},"class_list":["post-1047","page","type-page","status-publish","hentry"],"yoast_head":"<!-- This site is optimized with the Yoast SEO plugin v27.5 - https:\/\/yoast.com\/product\/yoast-seo-wordpress\/ -->\n<title>Banda de blues&amp;rock el\u00e8ctric | The Generation | Barcelona<\/title>\n<meta name=\"description\" content=\"The Generation es una banda de blues&amp;rock el\u00e9ctrico de Barcelona. Su estilo est\u00e1 marcado por el blues&amp;rock el\u00e9ctrico, rock\u2019n\u2019roll y rock sure\u00f1o.\" \/>\n<meta name=\"robots\" content=\"index, follow, max-snippet:-1, max-image-preview:large, max-video-preview:-1\" \/>\n<link rel=\"canonical\" href=\"https:\/\/thegeneration.info\/ca\/banda-de-blues-and-rock-electrico\/\" \/>\n<meta property=\"og:locale\" content=\"ca_ES\" \/>\n<meta property=\"og:type\" content=\"article\" \/>\n<meta property=\"og:title\" content=\"Banda de blues&amp;rock el\u00e8ctric | The Generation | Barcelona\" \/>\n<meta property=\"og:description\" content=\"The Generation es una banda de blues&amp;rock el\u00e9ctrico de Barcelona. Su estilo est\u00e1 marcado por el blues&amp;rock el\u00e9ctrico, rock\u2019n\u2019roll y rock sure\u00f1o.\" \/>\n<meta property=\"og:url\" content=\"https:\/\/thegeneration.info\/ca\/banda-de-blues-and-rock-electrico\/\" \/>\n<meta property=\"og:site_name\" content=\"The Generation\" \/>\n<meta property=\"article:modified_time\" content=\"2025-10-31T15:52:28+00:00\" \/>\n<meta property=\"og:image\" content=\"https:\/\/thegeneration.info\/wp-content\/uploads\/2018\/07\/the-generation.jpg\" \/>\n\t<meta property=\"og:image:width\" content=\"2048\" \/>\n\t<meta property=\"og:image:height\" content=\"2048\" \/>\n\t<meta property=\"og:image:type\" content=\"image\/jpeg\" \/>\n<meta name=\"twitter:card\" content=\"summary_large_image\" \/>\n<meta name=\"twitter:label1\" content=\"Temps estimat de lectura\" \/>\n\t<meta name=\"twitter:data1\" content=\"3 minuts\" \/>\n<script type=\"application\/ld+json\" class=\"yoast-schema-graph\">{\"@context\":\"https:\\\/\\\/schema.org\",\"@graph\":[{\"@type\":\"WebPage\",\"@id\":\"https:\\\/\\\/thegeneration.info\\\/ca\\\/banda-de-blues-and-rock-electrico\\\/\",\"url\":\"https:\\\/\\\/thegeneration.info\\\/ca\\\/banda-de-blues-and-rock-electrico\\\/\",\"name\":\"Banda de blues&rock el\u00e8ctric | The Generation | Barcelona\",\"isPartOf\":{\"@id\":\"https:\\\/\\\/thegeneration.info\\\/ca\\\/#website\"},\"datePublished\":\"2018-01-12T15:56:21+00:00\",\"dateModified\":\"2025-10-31T15:52:28+00:00\",\"description\":\"The Generation es una banda de blues&rock el\u00e9ctrico de Barcelona. Su estilo est\u00e1 marcado por el blues&rock el\u00e9ctrico, rock\u2019n\u2019roll y rock sure\u00f1o.\",\"breadcrumb\":{\"@id\":\"https:\\\/\\\/thegeneration.info\\\/ca\\\/banda-de-blues-and-rock-electrico\\\/#breadcrumb\"},\"inLanguage\":\"ca\",\"potentialAction\":[{\"@type\":\"ReadAction\",\"target\":[[\"https:\\\/\\\/thegeneration.info\\\/ca\\\/banda-de-blues-and-rock-electrico\\\/\"]]}]},{\"@type\":\"BreadcrumbList\",\"@id\":\"https:\\\/\\\/thegeneration.info\\\/ca\\\/banda-de-blues-and-rock-electrico\\\/#breadcrumb\",\"itemListElement\":[{\"@type\":\"ListItem\",\"position\":1,\"name\":\"Portada\",\"item\":\"https:\\\/\\\/thegeneration.info\\\/ca\\\/\"},{\"@type\":\"ListItem\",\"position\":2,\"name\":\"Banda de blues&#038;rock el\u00e9ctrico\"}]},{\"@type\":\"WebSite\",\"@id\":\"https:\\\/\\\/thegeneration.info\\\/ca\\\/#website\",\"url\":\"https:\\\/\\\/thegeneration.info\\\/ca\\\/\",\"name\":\"The Generation\",\"description\":\"Banda de Blues&amp;Rock de Barcelona\",\"publisher\":{\"@id\":\"https:\\\/\\\/thegeneration.info\\\/ca\\\/#organization\"},\"alternateName\":\"The Generation\",\"potentialAction\":[{\"@type\":\"SearchAction\",\"target\":{\"@type\":\"EntryPoint\",\"urlTemplate\":\"https:\\\/\\\/thegeneration.info\\\/ca\\\/?s={search_term_string}\"},\"query-input\":{\"@type\":\"PropertyValueSpecification\",\"valueRequired\":true,\"valueName\":\"search_term_string\"}}],\"inLanguage\":\"ca\"},{\"@type\":\"Organization\",\"@id\":\"https:\\\/\\\/thegeneration.info\\\/ca\\\/#organization\",\"name\":\"The Generation\",\"alternateName\":\"The Generation\",\"url\":\"https:\\\/\\\/thegeneration.info\\\/ca\\\/\",\"logo\":{\"@type\":\"ImageObject\",\"inLanguage\":\"ca\",\"@id\":\"https:\\\/\\\/thegeneration.info\\\/ca\\\/#\\\/schema\\\/logo\\\/image\\\/\",\"url\":\"https:\\\/\\\/thegeneration.info\\\/wp-content\\\/uploads\\\/2018\\\/07\\\/the-generation.jpg\",\"contentUrl\":\"https:\\\/\\\/thegeneration.info\\\/wp-content\\\/uploads\\\/2018\\\/07\\\/the-generation.jpg\",\"width\":2048,\"height\":2048,\"caption\":\"The Generation\"},\"image\":{\"@id\":\"https:\\\/\\\/thegeneration.info\\\/ca\\\/#\\\/schema\\\/logo\\\/image\\\/\"},\"sameAs\":[\"https:\\\/\\\/www.instagram.com\\\/generationBCN\\\/\",\"https:\\\/\\\/www.youtube.com\\\/@generationbcn\"]}]}<\/script>\n<!-- \/ Yoast SEO plugin. -->","yoast_head_json":{"title":"Banda de blues&rock el\u00e8ctric | The Generation | Barcelona","description":"The Generation es una banda de blues&rock el\u00e9ctrico de Barcelona. Su estilo est\u00e1 marcado por el blues&rock el\u00e9ctrico, rock\u2019n\u2019roll y rock sure\u00f1o.","robots":{"index":"index","follow":"follow","max-snippet":"max-snippet:-1","max-image-preview":"max-image-preview:large","max-video-preview":"max-video-preview:-1"},"canonical":"https:\/\/thegeneration.info\/ca\/banda-de-blues-and-rock-electrico\/","og_locale":"ca_ES","og_type":"article","og_title":"Banda de blues&rock el\u00e8ctric | The Generation | Barcelona","og_description":"The Generation es una banda de blues&rock el\u00e9ctrico de Barcelona. Su estilo est\u00e1 marcado por el blues&rock el\u00e9ctrico, rock\u2019n\u2019roll y rock sure\u00f1o.","og_url":"https:\/\/thegeneration.info\/ca\/banda-de-blues-and-rock-electrico\/","og_site_name":"The Generation","article_modified_time":"2025-10-31T15:52:28+00:00","og_image":[{"width":2048,"height":2048,"url":"https:\/\/thegeneration.info\/wp-content\/uploads\/2018\/07\/the-generation.jpg","type":"image\/jpeg"}],"twitter_card":"summary_large_image","twitter_misc":{"Temps estimat de lectura":"3 minuts"},"schema":{"@context":"https:\/\/schema.org","@graph":[{"@type":"WebPage","@id":"https:\/\/thegeneration.info\/ca\/banda-de-blues-and-rock-electrico\/","url":"https:\/\/thegeneration.info\/ca\/banda-de-blues-and-rock-electrico\/","name":"Banda de blues&rock el\u00e8ctric | The Generation | Barcelona","isPartOf":{"@id":"https:\/\/thegeneration.info\/ca\/#website"},"datePublished":"2018-01-12T15:56:21+00:00","dateModified":"2025-10-31T15:52:28+00:00","description":"The Generation es una banda de blues&rock el\u00e9ctrico de Barcelona. Su estilo est\u00e1 marcado por el blues&rock el\u00e9ctrico, rock\u2019n\u2019roll y rock sure\u00f1o.","breadcrumb":{"@id":"https:\/\/thegeneration.info\/ca\/banda-de-blues-and-rock-electrico\/#breadcrumb"},"inLanguage":"ca","potentialAction":[{"@type":"ReadAction","target":[["https:\/\/thegeneration.info\/ca\/banda-de-blues-and-rock-electrico\/"]]}]},{"@type":"BreadcrumbList","@id":"https:\/\/thegeneration.info\/ca\/banda-de-blues-and-rock-electrico\/#breadcrumb","itemListElement":[{"@type":"ListItem","position":1,"name":"Portada","item":"https:\/\/thegeneration.info\/ca\/"},{"@type":"ListItem","position":2,"name":"Banda de blues&#038;rock el\u00e9ctrico"}]},{"@type":"WebSite","@id":"https:\/\/thegeneration.info\/ca\/#website","url":"https:\/\/thegeneration.info\/ca\/","name":"The Generation","description":"Banda de Blues&amp;Rock de Barcelona","publisher":{"@id":"https:\/\/thegeneration.info\/ca\/#organization"},"alternateName":"The Generation","potentialAction":[{"@type":"SearchAction","target":{"@type":"EntryPoint","urlTemplate":"https:\/\/thegeneration.info\/ca\/?s={search_term_string}"},"query-input":{"@type":"PropertyValueSpecification","valueRequired":true,"valueName":"search_term_string"}}],"inLanguage":"ca"},{"@type":"Organization","@id":"https:\/\/thegeneration.info\/ca\/#organization","name":"The Generation","alternateName":"The Generation","url":"https:\/\/thegeneration.info\/ca\/","logo":{"@type":"ImageObject","inLanguage":"ca","@id":"https:\/\/thegeneration.info\/ca\/#\/schema\/logo\/image\/","url":"https:\/\/thegeneration.info\/wp-content\/uploads\/2018\/07\/the-generation.jpg","contentUrl":"https:\/\/thegeneration.info\/wp-content\/uploads\/2018\/07\/the-generation.jpg","width":2048,"height":2048,"caption":"The Generation"},"image":{"@id":"https:\/\/thegeneration.info\/ca\/#\/schema\/logo\/image\/"},"sameAs":["https:\/\/www.instagram.com\/generationBCN\/","https:\/\/www.youtube.com\/@generationbcn"]}]}},"_links":{"self":[{"href":"https:\/\/thegeneration.info\/ca\/wp-json\/wp\/v2\/pages\/1047","targetHints":{"allow":["GET"]}}],"collection":[{"href":"https:\/\/thegeneration.info\/ca\/wp-json\/wp\/v2\/pages"}],"about":[{"href":"https:\/\/thegeneration.info\/ca\/wp-json\/wp\/v2\/types\/page"}],"author":[{"embeddable":true,"href":"https:\/\/thegeneration.info\/ca\/wp-json\/wp\/v2\/users\/2"}],"replies":[{"embeddable":true,"href":"https:\/\/thegeneration.info\/ca\/wp-json\/wp\/v2\/comments?post=1047"}],"version-history":[{"count":2,"href":"https:\/\/thegeneration.info\/ca\/wp-json\/wp\/v2\/pages\/1047\/revisions"}],"predecessor-version":[{"id":1871,"href":"https:\/\/thegeneration.info\/ca\/wp-json\/wp\/v2\/pages\/1047\/revisions\/1871"}],"wp:attachment":[{"href":"https:\/\/thegeneration.info\/ca\/wp-json\/wp\/v2\/media?parent=1047"}],"curies":[{"name":"wp","href":"https:\/\/api.w.org\/{rel}","templated":true}]}}